{"id":63,"date":"2022-09-23T16:55:45","date_gmt":"2022-09-23T16:55:45","guid":{"rendered":"https:\/\/atelierkaraka.com\/?page_id=63"},"modified":"2024-11-10T16:33:42","modified_gmt":"2024-11-10T16:33:42","slug":"about","status":"publish","type":"page","link":"https:\/\/atelierkaraka.com\/pt\/about\/","title":{"rendered":"Sobre"},"content":{"rendered":"<section class=\"wp-block-group alignwide about-intro is-layout-flow\">\n<div class=\"wp-block-columns is-layout-flex wp-container-3\">\n<div class=\"wp-block-column is-vertically-aligned-top is-layout-flow\">\n<figure class=\"wp-block-image size-full\"><img decoding=\"async\" loading=\"lazy\" width=\"1200\" height=\"1600\" src=\"https:\/\/atelierkaraka.com\/wp-content\/uploads\/2022\/10\/about-01.webp\" alt=\"\" class=\"wp-image-829\" srcset=\"https:\/\/atelierkaraka.com\/wp-content\/uploads\/2022\/10\/about-01.webp 1200w, https:\/\/atelierkaraka.com\/wp-content\/uploads\/2022\/10\/about-01-225x300.webp 225w, https:\/\/atelierkaraka.com\/wp-content\/uploads\/2022\/10\/about-01-768x1024.webp 768w, https:\/\/atelierkaraka.com\/wp-content\/uploads\/2022\/10\/about-01-1152x1536.webp 1152w, https:\/\/atelierkaraka.com\/wp-content\/uploads\/2022\/10\/about-01-9x12.webp 9w\" sizes=\"(max-width: 1200px) 100vw, 1200px\" \/><\/figure>\n<\/div>\n\n\n\n<div class=\"wp-block-column is-vertically-aligned-top is-layout-flow\">\n<p class=\"page-intro\">Nascido em 2015, no Porto, o atelier KARAKA desenvolve cole\u00e7\u00f5es, projetos \u00e0 medida e pe\u00e7as t\u00eaxteis \u00fanicas que integram a decora\u00e7\u00e3o de interiores, eventos e cole\u00e7\u00f5es, explorando o conceito de exclusividade e integrando pr\u00e1ticas de sustentabilidade.<\/p>\n\n\n\n<figure class=\"wp-block-image alignright size-large style-svg intro-symbol-desktop\"><img decoding=\"async\" loading=\"lazy\" width=\"96\" height=\"242\" src=\"https:\/\/atelierkaraka.com\/wp-content\/uploads\/2022\/10\/about-intro-symbol.svg\" alt=\"\" class=\"wp-image-324\"\/><\/figure>\n\n\n\n<figure class=\"wp-block-image alignright size-large style-svg intro-symbol-mobile\"><img decoding=\"async\" loading=\"lazy\" width=\"48\" height=\"66\" src=\"https:\/\/atelierkaraka.com\/wp-content\/uploads\/2022\/10\/about-intro-symbol-mobile.svg\" alt=\"\" class=\"wp-image-361\"\/><\/figure>\n<\/div>\n<\/div>\n\n\n\n<figure class=\"wp-block-image size-full\"><img decoding=\"async\" loading=\"lazy\" width=\"2500\" height=\"1667\" src=\"https:\/\/atelierkaraka.com\/wp-content\/uploads\/2022\/10\/about-02.webp\" alt=\"\" class=\"wp-image-830\" srcset=\"https:\/\/atelierkaraka.com\/wp-content\/uploads\/2022\/10\/about-02.webp 2500w, https:\/\/atelierkaraka.com\/wp-content\/uploads\/2022\/10\/about-02-300x200.webp 300w, https:\/\/atelierkaraka.com\/wp-content\/uploads\/2022\/10\/about-02-1024x683.webp 1024w, https:\/\/atelierkaraka.com\/wp-content\/uploads\/2022\/10\/about-02-768x512.webp 768w, https:\/\/atelierkaraka.com\/wp-content\/uploads\/2022\/10\/about-02-1600x1067.webp 1600w, https:\/\/atelierkaraka.com\/wp-content\/uploads\/2022\/10\/about-02-1536x1024.webp 1536w, https:\/\/atelierkaraka.com\/wp-content\/uploads\/2022\/10\/about-02-2048x1366.webp 2048w, https:\/\/atelierkaraka.com\/wp-content\/uploads\/2022\/10\/about-02-18x12.webp 18w\" sizes=\"(max-width: 2500px) 100vw, 2500px\" \/><\/figure>\n\n\n\n<figure class=\"wp-block-pullquote\"><blockquote><p>\u201cA estamparia manual \u00e9 demorada e trabalhosa mas incrivelmente m\u00e1gica. D\u00e1 lugar a varia\u00e7\u00f5es \u00fanicas, texturas de uma riqueza visual imposs\u00edvel de atingir por m\u00e9todos digitais ou industriais.\u201d<\/p><\/blockquote><\/figure>\n\n\n\n<figure class=\"wp-block-image aligncenter size-full is-resized style-svg karaka-symbol\"><img decoding=\"async\" src=\"https:\/\/atelierkaraka.com\/wp-content\/uploads\/2022\/09\/karaka-symbol.svg\" alt=\"\" class=\"wp-image-129\" width=\"120\"\/><\/figure>\n<\/section>\n\n\n\n<section class=\"wp-block-group alignwide about-founder is-layout-flow\">\n<div class=\"wp-block-columns is-layout-flex wp-container-7\">\n<div class=\"wp-block-column is-layout-flow\">\n<h2 class=\"wp-block-heading page-section-title\">Marta Afonso<\/h2>\n\n\n\n<h3 class=\"wp-block-heading\">Fundadora e Designer T\u00eaxtil<\/h3>\n\n\n\n<p class=\"bio-text\">Marta Afonso is the face and hands behind atelier KARAKA. Marta was born in Vila Nova de Gaia in 1989 and early on showed a proclivity for drawing and the desire to venture into sewing, fascinated by her grandmother\u2019s skilful hands. With a BA in Design and a MA in Communication Design, she felt the desire to pursue a specialization in textiles with a Postgraduate degree in Textile and Fashion Design. It was in an atelier in Barcelona that she allowed herself to be seduced by the techniques of engraving and manual stamping, which she has not abandoned since. She also took courses on fitting and garment sewing and currently she divides her time between the atelier projects and teaching.<\/p>\n\n\n\n<blockquote class=\"wp-block-quote is-style-plain bio-first-quote\">\n<p>O meu background de estudos em Design permite-me olhar para os projectos com uma vis\u00e3o global e processual, agregando criatividade, funcionalidade e pertin\u00eancia.<\/p>\n<\/blockquote>\n<\/div>\n\n\n\n<div class=\"wp-block-column is-layout-flow\">\n<figure class=\"wp-block-image size-full\"><img decoding=\"async\" loading=\"lazy\" width=\"1707\" height=\"2560\" src=\"https:\/\/atelierkaraka.com\/wp-content\/uploads\/2022\/10\/about-03-1-scaled.webp\" alt=\"\" class=\"wp-image-881\" srcset=\"https:\/\/atelierkaraka.com\/wp-content\/uploads\/2022\/10\/about-03-1-scaled.webp 1707w, https:\/\/atelierkaraka.com\/wp-content\/uploads\/2022\/10\/about-03-1-200x300.webp 200w, https:\/\/atelierkaraka.com\/wp-content\/uploads\/2022\/10\/about-03-1-683x1024.webp 683w, https:\/\/atelierkaraka.com\/wp-content\/uploads\/2022\/10\/about-03-1-768x1152.webp 768w, https:\/\/atelierkaraka.com\/wp-content\/uploads\/2022\/10\/about-03-1-1600x2400.webp 1600w, https:\/\/atelierkaraka.com\/wp-content\/uploads\/2022\/10\/about-03-1-1024x1536.webp 1024w, https:\/\/atelierkaraka.com\/wp-content\/uploads\/2022\/10\/about-03-1-1365x2048.webp 1365w, https:\/\/atelierkaraka.com\/wp-content\/uploads\/2022\/10\/about-03-1-8x12.webp 8w\" sizes=\"(max-width: 1707px) 100vw, 1707px\" \/><figcaption class=\"wp-element-caption\">\u00a9 Liliana Fontoura<\/figcaption><\/figure>\n<\/div>\n<\/div>\n\n\n\n<div class=\"wp-block-columns are-vertically-aligned-center is-layout-flex wp-container-10\">\n<div class=\"wp-block-column is-vertically-aligned-center is-layout-flow\">\n<figure class=\"wp-block-image size-large bio-last-image\"><img decoding=\"async\" loading=\"lazy\" width=\"1024\" height=\"683\" src=\"https:\/\/atelierkaraka.com\/wp-content\/uploads\/2022\/10\/about-04-1024x683.webp\" alt=\"\" class=\"wp-image-833\" srcset=\"https:\/\/atelierkaraka.com\/wp-content\/uploads\/2022\/10\/about-04-1024x683.webp 1024w, https:\/\/atelierkaraka.com\/wp-content\/uploads\/2022\/10\/about-04-300x200.webp 300w, https:\/\/atelierkaraka.com\/wp-content\/uploads\/2022\/10\/about-04-768x512.webp 768w, https:\/\/atelierkaraka.com\/wp-content\/uploads\/2022\/10\/about-04-1600x1067.webp 1600w, https:\/\/atelierkaraka.com\/wp-content\/uploads\/2022\/10\/about-04-1536x1024.webp 1536w, https:\/\/atelierkaraka.com\/wp-content\/uploads\/2022\/10\/about-04-18x12.webp 18w, https:\/\/atelierkaraka.com\/wp-content\/uploads\/2022\/10\/about-04.webp 1800w\" sizes=\"(max-width: 1024px) 100vw, 1024px\" \/><\/figure>\n<\/div>\n\n\n\n<div class=\"wp-block-column is-vertically-aligned-center is-layout-flow\">\n<blockquote class=\"wp-block-quote is-style-plain bio-last-quote\">\n<p>O desenho \u00e9 uma constante na minha pr\u00e1tica. \u00c9 uma forma de pensamento, reconhecimento e celebra\u00e7\u00e3o do mundo que me rodeia.<\/p>\n<\/blockquote>\n<\/div>\n<\/div>\n<\/section>\n\n\n\n<section class=\"wp-block-group alignwide about-values is-layout-flow\">\n<div class=\"wp-block-columns are-vertically-aligned-center about-values__card inspiration is-layout-flex wp-container-18\">\n<div class=\"wp-block-column is-vertically-aligned-center is-layout-flow\">\n<div class=\"wp-block-group about-values__card-text is-layout-flow\">\n<div class=\"wp-block-columns is-layout-flex wp-container-14\">\n<div class=\"wp-block-column is-layout-flow\" style=\"flex-basis:72px\">\n<h2 class=\"wp-block-heading number\">1<\/h2>\n\n\n\n<figure class=\"wp-block-image size-full style-svg\"><img decoding=\"async\" loading=\"lazy\" width=\"67\" height=\"69\" src=\"https:\/\/atelierkaraka.com\/wp-content\/uploads\/2022\/10\/about-inspiration-symbol.svg\" alt=\"\" class=\"wp-image-334\"\/><\/figure>\n<\/div>\n\n\n\n<div class=\"wp-block-column is-layout-flow\">\n<h2 class=\"wp-block-heading page-uppercase-title\">Inspira\u00e7\u00e3o<\/h2>\n\n\n\n<p class=\"sans-serif\">H\u00e1 uma ineg\u00e1vel liga\u00e7\u00e3o \u00e0 natureza, \u00e0s suas formas, texturas, cores e padr\u00f5es. Viagens a destinos como a \u00cdndia e o Brasil deixam marcas de um universo ex\u00f3tico e vibrante que se traduz em formas por vezes mais arrojadas, outras mais simples e delicadas.<\/p>\n<\/div>\n<\/div>\n<\/div>\n<\/div>\n\n\n\n<div class=\"wp-block-column is-vertically-aligned-center is-layout-flow\">\n<figure class=\"wp-block-image size-large about-values__card-img\"><img decoding=\"async\" loading=\"lazy\" width=\"1024\" height=\"1024\" src=\"https:\/\/atelierkaraka.com\/wp-content\/uploads\/2022\/10\/about-05-1024x1024.webp\" alt=\"\" class=\"wp-image-834\" srcset=\"https:\/\/atelierkaraka.com\/wp-content\/uploads\/2022\/10\/about-05-1024x1024.webp 1024w, https:\/\/atelierkaraka.com\/wp-content\/uploads\/2022\/10\/about-05-300x300.webp 300w, https:\/\/atelierkaraka.com\/wp-content\/uploads\/2022\/10\/about-05-150x150.webp 150w, https:\/\/atelierkaraka.com\/wp-content\/uploads\/2022\/10\/about-05-768x768.webp 768w, https:\/\/atelierkaraka.com\/wp-content\/uploads\/2022\/10\/about-05-1600x1600.webp 1600w, https:\/\/atelierkaraka.com\/wp-content\/uploads\/2022\/10\/about-05-1536x1536.webp 1536w, https:\/\/atelierkaraka.com\/wp-content\/uploads\/2022\/10\/about-05-12x12.webp 12w, https:\/\/atelierkaraka.com\/wp-content\/uploads\/2022\/10\/about-05.webp 1800w\" sizes=\"(max-width: 1024px) 100vw, 1024px\" \/><\/figure>\n<\/div>\n<\/div>\n\n\n\n<div class=\"wp-block-columns are-vertically-aligned-center about-values__card process is-layout-flex wp-container-25\">\n<div class=\"wp-block-column is-vertically-aligned-center is-layout-flow\">\n<div class=\"wp-block-group about-values__card-text is-layout-flow\">\n<div class=\"wp-block-columns is-layout-flex wp-container-21\">\n<div class=\"wp-block-column is-layout-flow\" style=\"flex-basis:72px\">\n<h2 class=\"wp-block-heading number\">2<\/h2>\n\n\n\n<figure class=\"wp-block-image size-large style-svg\"><img decoding=\"async\" loading=\"lazy\" width=\"63\" height=\"54\" src=\"https:\/\/atelierkaraka.com\/wp-content\/uploads\/2022\/10\/about-process-symbol.svg\" alt=\"\" class=\"wp-image-352\"\/><\/figure>\n<\/div>\n\n\n\n<div class=\"wp-block-column is-layout-flow\">\n<h2 class=\"wp-block-heading page-uppercase-title\">Processo<\/h2>\n\n\n\n<p class=\"sans-serif\">Todas as pe\u00e7as surgem de processos inteiramente manuais e levados a cabo por pessoas. Exploramos maioritariamente t\u00e9cnicas artesanais de estamparia de tecido (como o block printing e o stencil), procedendo n\u00e3o s\u00f3 \u00e0 \u00e0 impress\u00e3o do tecido mas tamb\u00e9m ao desenvolvimento das pr\u00f3prias matrizes (carimbos e stencils produzidos manualmente).<\/p>\n<\/div>\n<\/div>\n<\/div>\n<\/div>\n\n\n\n<div class=\"wp-block-column is-vertically-aligned-center is-layout-flow\">\n<figure class=\"wp-block-image size-large about-values__card-img\"><img decoding=\"async\" loading=\"lazy\" width=\"1024\" height=\"1024\" src=\"https:\/\/atelierkaraka.com\/wp-content\/uploads\/2022\/10\/about-06-1024x1024.webp\" alt=\"\" class=\"wp-image-835\" srcset=\"https:\/\/atelierkaraka.com\/wp-content\/uploads\/2022\/10\/about-06-1024x1024.webp 1024w, https:\/\/atelierkaraka.com\/wp-content\/uploads\/2022\/10\/about-06-300x300.webp 300w, https:\/\/atelierkaraka.com\/wp-content\/uploads\/2022\/10\/about-06-150x150.webp 150w, https:\/\/atelierkaraka.com\/wp-content\/uploads\/2022\/10\/about-06-768x768.webp 768w, https:\/\/atelierkaraka.com\/wp-content\/uploads\/2022\/10\/about-06-1600x1600.webp 1600w, https:\/\/atelierkaraka.com\/wp-content\/uploads\/2022\/10\/about-06-1536x1536.webp 1536w, https:\/\/atelierkaraka.com\/wp-content\/uploads\/2022\/10\/about-06-12x12.webp 12w, https:\/\/atelierkaraka.com\/wp-content\/uploads\/2022\/10\/about-06.webp 1800w\" sizes=\"(max-width: 1024px) 100vw, 1024px\" \/><\/figure>\n<\/div>\n<\/div>\n\n\n\n<div class=\"wp-block-columns are-vertically-aligned-center about-values__card exclusivity is-layout-flex wp-container-32\">\n<div class=\"wp-block-column is-vertically-aligned-center is-layout-flow\">\n<div class=\"wp-block-group about-values__card-text is-layout-flow\">\n<div class=\"wp-block-columns is-layout-flex wp-container-28\">\n<div class=\"wp-block-column is-layout-flow\" style=\"flex-basis:72px\">\n<h2 class=\"wp-block-heading number\">3<\/h2>\n\n\n\n<figure class=\"wp-block-image size-large style-svg\"><img decoding=\"async\" loading=\"lazy\" width=\"63\" height=\"63\" src=\"https:\/\/atelierkaraka.com\/wp-content\/uploads\/2022\/10\/about-exclusivity-symbol.svg\" alt=\"\" class=\"wp-image-353\"\/><\/figure>\n<\/div>\n\n\n\n<div class=\"wp-block-column is-layout-flow\">\n<h2 class=\"wp-block-heading page-uppercase-title\">Exclusividade<\/h2>\n\n\n\n<p class=\"sans-serif\">Num contexto de atelier, tudo \u00e9 feito com tempo e aten\u00e7\u00e3o ao detalhe, dando lugar a pe\u00e7as \u00fanicas que transparecem a dedica\u00e7\u00e3o que lhes \u00e9 colocada. Ao explorar t\u00e9cnicas de estamparia artesanais, cada pe\u00e7a \u00e9 ligeiramente diferente da outra, mas todas carregam um carisma e beleza inconfund\u00edveis. As irregularidades lembram-nos da pr\u00f3pria natureza humana e s\u00e3o uma mem\u00f3ria de um processo de cria\u00e7\u00e3o manual que assim perdura no tempo.<\/p>\n<\/div>\n<\/div>\n<\/div>\n<\/div>\n\n\n\n<div class=\"wp-block-column is-vertically-aligned-center is-layout-flow\">\n<figure class=\"wp-block-image size-large about-values__card-img\"><img decoding=\"async\" loading=\"lazy\" width=\"1024\" height=\"1024\" src=\"https:\/\/atelierkaraka.com\/wp-content\/uploads\/2022\/10\/about-07-1024x1024.webp\" alt=\"\" class=\"wp-image-836\" srcset=\"https:\/\/atelierkaraka.com\/wp-content\/uploads\/2022\/10\/about-07-1024x1024.webp 1024w, https:\/\/atelierkaraka.com\/wp-content\/uploads\/2022\/10\/about-07-300x300.webp 300w, https:\/\/atelierkaraka.com\/wp-content\/uploads\/2022\/10\/about-07-150x150.webp 150w, https:\/\/atelierkaraka.com\/wp-content\/uploads\/2022\/10\/about-07-768x768.webp 768w, https:\/\/atelierkaraka.com\/wp-content\/uploads\/2022\/10\/about-07-1600x1600.webp 1600w, https:\/\/atelierkaraka.com\/wp-content\/uploads\/2022\/10\/about-07-1536x1536.webp 1536w, https:\/\/atelierkaraka.com\/wp-content\/uploads\/2022\/10\/about-07-12x12.webp 12w, https:\/\/atelierkaraka.com\/wp-content\/uploads\/2022\/10\/about-07.webp 1800w\" sizes=\"(max-width: 1024px) 100vw, 1024px\" \/><\/figure>\n<\/div>\n<\/div>\n<\/section>","protected":false},"excerpt":{"rendered":"<p>Nascido em 2015, no Porto, o atelier KARAKA desenvolve cole\u00e7\u00f5es, projetos \u00e0 medida e pe\u00e7as t\u00eaxteis \u00fanicas que integram a decora\u00e7\u00e3o de interiores, eventos e cole\u00e7\u00f5es, explorando o conceito de exclusividade e integrando pr\u00e1ticas de sustentabilidade.<\/p>","protected":false},"author":1,"featured_media":855,"parent":0,"menu_order":0,"comment_status":"closed","ping_status":"closed","template":"page-no-title","meta":{"inline_featured_image":false},"_links":{"self":[{"href":"https:\/\/atelierkaraka.com\/pt\/wp-json\/wp\/v2\/pages\/63"}],"collection":[{"href":"https:\/\/atelierkaraka.com\/pt\/wp-json\/wp\/v2\/pages"}],"about":[{"href":"https:\/\/atelierkaraka.com\/pt\/wp-json\/wp\/v2\/types\/page"}],"author":[{"embeddable":true,"href":"https:\/\/atelierkaraka.com\/pt\/wp-json\/wp\/v2\/users\/1"}],"replies":[{"embeddable":true,"href":"https:\/\/atelierkaraka.com\/pt\/wp-json\/wp\/v2\/comments?post=63"}],"version-history":[{"count":38,"href":"https:\/\/atelierkaraka.com\/pt\/wp-json\/wp\/v2\/pages\/63\/revisions"}],"predecessor-version":[{"id":1192,"href":"https:\/\/atelierkaraka.com\/pt\/wp-json\/wp\/v2\/pages\/63\/revisions\/1192"}],"wp:featuredmedia":[{"embeddable":true,"href":"https:\/\/atelierkaraka.com\/pt\/wp-json\/wp\/v2\/media\/855"}],"wp:attachment":[{"href":"https:\/\/atelierkaraka.com\/pt\/wp-json\/wp\/v2\/media?parent=63"}],"curies":[{"name":"wp","href":"https:\/\/api.w.org\/{rel}","templated":true}]}}