{"id":75,"date":"2022-09-23T17:03:25","date_gmt":"2022-09-23T17:03:25","guid":{"rendered":"https:\/\/atelierkaraka.com\/?page_id=75"},"modified":"2022-10-23T16:33:27","modified_gmt":"2022-10-23T15:33:27","slug":"commitment","status":"publish","type":"page","link":"https:\/\/atelierkaraka.com\/pt\/commitment\/","title":{"rendered":"Compromisso"},"content":{"rendered":"<p>Ao longo da sua exist\u00eancia, o Atelier Karaka tem repensado e adaptado a sua pr\u00e1tica e as suas cria\u00e7\u00f5es de forma a alcan\u00e7ar maior harmonia com o planeta e os seus recursos. Apesar da caminhada longa e repleta de dificuldades, esse compromisso tem-se refletido na sele\u00e7\u00e3o de materiais e processos mais ecol\u00f3gicos, numa melhor gest\u00e3o de recursos, na colabora\u00e7\u00e3o com empresas com valores \u00e9ticos e no envolvimento e promo\u00e7\u00e3o de iniciativas de sensibiliza\u00e7\u00e3o.<\/p>\n\n\n\n<h2 class=\"wp-block-heading\">Tecidos<\/h2>\n\n\n\n<p class=\"sans-serif\">Apenas usamos tecidos de origem 100% natural, optando sempre que poss\u00edvel por deadstock, org\u00e2nicos ou reciclados, fornecidos por empresas do norte de Portugal que apresentam pr\u00e1ticas de sustentabilidade e preocupa\u00e7\u00f5es sociais. Pela sua estrutura, as fibras naturais s\u00e3o mais apropriadas para estamparia manual apresentando uma maior ades\u00e3o das estampagens. S\u00e3o tamb\u00e9m muito resistentes, dur\u00e1veis, recicl\u00e1veis e naturalmente biodegrad\u00e1veis.<\/p>\n\n\n\n<p class=\"sans-serif\"><strong>Linho:<\/strong> \u00e9 a nossa fibra de elei\u00e7\u00e3o pela sua inconfund\u00edvel textura e comportamento. \u00c9 tamb\u00e9m uma das fibras mais gentis com o planeta j\u00e1 que a sua produ\u00e7\u00e3o requer menos \u00e1gua e pesticidas do que o algod\u00e3o.<\/p>\n\n\n\n<p class=\"sans-serif\"><strong>Algod\u00e3o:<\/strong> \u00c9 fresco e respir\u00e1vel sendo escolhido em determinados contextos. Optamos pela sua vers\u00e3o org\u00e2nica que minimiza o impacto negativo do seu cultivo.<\/p>\n\n\n\n<p class=\"sans-serif\"><strong>Outras fibras:<\/strong> estamos ativamente \u00e0 procura de fibras alternativas tais como a Seacell, MYX (fibra de cogumelo), SPF (fibra de soja), etc. Se comercializas este tipo de fibras, entra em contacto: hello@atelierkaraka.com<\/p>\n\n\n\n<h2 class=\"wp-block-heading\">Tingimento e tintas<\/h2>\n\n\n\n<p class=\"sans-serif\">Apenas utilizamos tecidos virgens, sem tingimento, ou com tingimento atrav\u00e9s de pigmentos org\u00e2nicos e naturais, realizado em larga escala de forma a minimizar o gasto de \u00e1gua. Para a estamparia, apenas usamos tintas de tecido ecol\u00f3gicas, \u00e0 base de \u00e1gua, com certifica\u00e7\u00e3o GOTS e ECO PASSPORT.<\/p>\n\n\n\n<h2 class=\"wp-block-heading\">Produ\u00e7\u00e3o<\/h2>\n\n\n\n<p class=\"sans-serif\">Nas nossas cole\u00e7\u00f5es, assumimos uma postura de pequena escala ou de produ\u00e7\u00e3o por encomenda, havendo apenas produ\u00e7\u00e3o daquilo que realmente \u00e9 pretendido pelo cliente. Os projetos \u00e0 medida s\u00e3o tamb\u00e9m exemplo disso, j\u00e1 que o produto \u00e9 desenhado de acordo com as reais necessidades do cliente. Apesar da produ\u00e7\u00e3o ser artesanal ou handmade, o recurso \u00e0 pequena ind\u00fastria surge quando isso representa uma mais valia significativa em termos ecol\u00f3gicos.<\/p>\n\n\n\n<h2 class=\"wp-block-heading\">Costura e aviamentos<\/h2>\n\n\n\n<p class=\"sans-serif\">Damos prefer\u00eancia a linhas 100% algod\u00e3o e evitamos o uso de qualquer aviamento pl\u00e1stico. Nas nossas cole\u00e7\u00f5es n\u00e3o usamos fechos met\u00e1licos ou pl\u00e1sticos, optando por bot\u00f5es de madeira. As nossas etiquetas s\u00e3o em tecido 100% algod\u00e3o sem tingimento e impressas em serigrafia manual.<\/p>\n\n\n\n<h2 class=\"wp-block-heading\">Desperd\u00edcios<\/h2>\n\n\n\n<p class=\"sans-serif\">Evitamos ao m\u00e1ximo o desperd\u00edcio, principalmente dos tecidos que s\u00e3o o nosso principal material. Para isso, fazemos a gest\u00e3o do corte das pe\u00e7as digitalmente. Todas as sobras de tecido s\u00e3o ainda aproveitadas para criar novos produtos ou integradas em workshops ou projetos art\u00edsticos.<\/p>\n\n\n\n<h2 class=\"wp-block-heading\">Packaging<\/h2>\n\n\n\n<p class=\"sans-serif\">N\u00e3o usamos pl\u00e1stico em nenhuma das embalagens dos nossos produtos, optando pelo papel Kraft, cujo processo produtivo inclui menos qu\u00edmicos, e pela sua f\u00e1cil degrada\u00e7\u00e3o quando descartado no meio ambiente (pode inclusive servir de adubo quando misturado com outros produtos org\u00e2nicos). Sempre que poss\u00edvel, fazemos a entrega em m\u00e3os e adoramos conhecer pessoalmente os nossos clientes!<\/p>\n\n\n\n<h2 class=\"wp-block-heading\">Servi\u00e7o take back<\/h2>\n\n\n\n<p class=\"sans-serif\">Aceitamos de volta pe\u00e7as antigas da nossa cria\u00e7\u00e3o caso estas j\u00e1 n\u00e3o fa\u00e7am sentido na decora\u00e7\u00e3o da vossa casa ou se tenham estragado por algum motivo. Recompensamos esta entrega com um vale de desconto de 15% que pode ser usado na nossa loja online. Estas pe\u00e7as poder\u00e3o ser arranjadas, transformadas em novas pe\u00e7as ou os seus materiais aproveitados para outros projetos e iniciativas.<\/p>\n\n\n\n<h2 class=\"wp-block-heading\">Servi\u00e7o upcycling<\/h2>\n\n\n\n<p class=\"sans-serif\">Se tens pe\u00e7as em casa \u00e0s quais gostarias de dar uma nova vida, n\u00f3s podemos dar uma ajuda. Podem ser cortinas, almofadas, toalhas de mesa, ou mesmo pe\u00e7as de vestu\u00e1rio. S\u00f3 precisam ser livres de qualquer estampagem para poderem receber novas ideias, agora em conson\u00e2ncia com os teus gostos ou inspira\u00e7\u00f5es.<\/p>\n\n\n\n<h2 class=\"wp-block-heading\">Voluntariado<\/h2>\n\n\n\n<p class=\"sans-serif\">Estamos dispon\u00edveis para colaborar com iniciativas art\u00edsticas, culturais e\/ou em prol da comunidade, quer seja atrav\u00e9s da cria\u00e7\u00e3o de pe\u00e7as ou partilhando o nosso conhecimento. Entra em contacto atrav\u00e9s do email <a rel=\"noreferrer noopener\" href=\"mailto:hello@atelierkaraka.com\" target=\"_blank\">hello@atelierkaraka.com<\/a> e apresenta-nos as tuas ideias.<\/p>\n\n\n\n<h2 class=\"wp-block-heading\">Between Parallels<\/h2>\n\n\n\n<p>We are proud to be part of <a rel=\"noreferrer noopener\" href=\"https:\/\/betweenparallels.webnode.pt\/\" target=\"_blank\">Between Parallels<\/a> &#8211; Association for Design and Sustainable Development &#8211; that aims to promote, organize and develop activities and\/or events with environmental and social impact with a view to sustainable development. <\/p>","protected":false},"excerpt":{"rendered":"<p>Throughout its existence Atelier Karaka has thought and readapted its practice and creations in a way that reaches more harmony with the planet and its resources.<\/p>","protected":false},"author":1,"featured_media":790,"parent":0,"menu_order":0,"comment_status":"closed","ping_status":"closed","template":"","meta":{"inline_featured_image":false},"_links":{"self":[{"href":"https:\/\/atelierkaraka.com\/pt\/wp-json\/wp\/v2\/pages\/75"}],"collection":[{"href":"https:\/\/atelierkaraka.com\/pt\/wp-json\/wp\/v2\/pages"}],"about":[{"href":"https:\/\/atelierkaraka.com\/pt\/wp-json\/wp\/v2\/types\/page"}],"author":[{"embeddable":true,"href":"https:\/\/atelierkaraka.com\/pt\/wp-json\/wp\/v2\/users\/1"}],"replies":[{"embeddable":true,"href":"https:\/\/atelierkaraka.com\/pt\/wp-json\/wp\/v2\/comments?post=75"}],"version-history":[{"count":17,"href":"https:\/\/atelierkaraka.com\/pt\/wp-json\/wp\/v2\/pages\/75\/revisions"}],"predecessor-version":[{"id":863,"href":"https:\/\/atelierkaraka.com\/pt\/wp-json\/wp\/v2\/pages\/75\/revisions\/863"}],"wp:featuredmedia":[{"embeddable":true,"href":"https:\/\/atelierkaraka.com\/pt\/wp-json\/wp\/v2\/media\/790"}],"wp:attachment":[{"href":"https:\/\/atelierkaraka.com\/pt\/wp-json\/wp\/v2\/media?parent=75"}],"curies":[{"name":"wp","href":"https:\/\/api.w.org\/{rel}","templated":true}]}}