{"id":81,"date":"2022-09-23T17:04:33","date_gmt":"2022-09-23T17:04:33","guid":{"rendered":"https:\/\/atelierkaraka.com\/?page_id=81"},"modified":"2024-10-20T18:42:51","modified_gmt":"2024-10-20T17:42:51","slug":"press","status":"publish","type":"page","link":"https:\/\/atelierkaraka.com\/pt\/press\/","title":{"rendered":"Press"},"content":{"rendered":"<p class=\"has-medium-color has-text-color\">Oct. 2024 <strong><a href=\"https:\/\/lab2pt.net\/exhibitions\/mundo-lusofono-a-pronuncia-da-mulher-no-design-de-produto\" target=\"_blank\" rel=\"noreferrer noopener\">Exhibition<\/a> and <a href=\"https:\/\/www.instagram.com\/eaad_uminho\/p\/DATkpK0iRM9\/\">Book<\/a> &#8220;Mundo Lus\u00f3fono: A pron\u00fancia da mulher no design de produto&#8221; by Daniel Vieira &amp; Bernardo Provid\u00eancia<\/strong><\/p>\n\n\n\n<p>07.06.2022 <strong><a rel=\"noreferrer noopener\" href=\"https:\/\/www.facebook.com\/atelierkaraka\/posts\/pfbid02AxRoDXDBsVozUTmUDhKqgTRMxNfLRoMWtVc5dYnQeb7yvoPVeq9oSoMWbgCEnvktl\" target=\"_blank\">Live com P\u00e1ssaro de Seda<\/a><\/strong> <\/p>\n\n\n\n<p>27.04.2021 <a rel=\"noreferrer noopener\" href=\"https:\/\/www.facebook.com\/martajmafonso\/posts\/10225993570286987\" target=\"_blank\"><strong>Ce_fusion Zoom Masterclass &#8211; IPCA &amp; Creative Europe<\/strong><\/a><\/p>\n\n\n\n<p>21.12.2020 <a rel=\"noreferrer noopener\" href=\"https:\/\/www.youtube.com\/watch?v=clsHTwuNhGw&amp;t=424s&amp;ab_channel=Domestika\" target=\"_blank\"><strong>Crafty Tuesday: Cria\u00e7\u00e3o de estampas com carimbos e folhas de plantas, com Marta Afonso (Live Domestika)<\/strong><\/a><\/p>\n\n\n\n<p>04.12.2020 <a rel=\"noreferrer noopener\" href=\"https:\/\/www.evasoes.pt\/o-que-fazer\/gaia-no-atelier-karaka-os-tecidos-sao-estampados-a-mao\/1003066\/\" target=\"_blank\"><strong>Entrevista \u2013 Revista e Website Evas\u00f5es<\/strong><\/a><\/p>\n\n\n\n<p>31.08.2020 <a rel=\"noreferrer noopener\" href=\"https:\/\/patternobserver.com\/2020\/08\/31\/featured-designer-marta-afonso\/\" target=\"_blank\"><strong>Entrevista \u2013 Pattern Observer<\/strong><\/a><\/p>\n\n\n\n<p>07.06.2020 <a rel=\"noreferrer noopener\" href=\"https:\/\/creativemornings.com\/talks\/handprinting-textiles-with-atelier-karaka\/\" target=\"_blank\"><strong>Virtual Fieldtrip &#8211; Creative Mornings<\/strong><\/a><\/p>\n\n\n\n<p>25.04.2020 <a rel=\"noreferrer noopener\" href=\"https:\/\/www.youtube.com\/watch?v=HqsGPfPL87g&amp;ab_channel=Gerador\" target=\"_blank\"><strong>Workshops em casa \u2013 Gerador<\/strong><\/a><\/p>\n\n\n\n<p>02.12.2019 <a rel=\"noreferrer noopener\" href=\"https:\/\/www.facebook.com\/media\/set\/?set=a.3587514971266598&amp;type=3\" target=\"_blank\"><strong>Palestra \u2013 Dia D \u2013 Escola Superior de Artes e Design (IPCA)<\/strong><\/a><\/p>\n\n\n\n<p>28.11.2019 <a rel=\"noreferrer noopener\" href=\"https:\/\/portocanal.sapo.pt\/um_video\/sHsPRrK5omiKnt9aODDY\/\" target=\"_blank\"><strong>Entrevista \u2013 Programa D\u2019mais (Porto Canal)<\/strong><\/a><\/p>\n\n\n\n<p>Dec. 2018 <a rel=\"noreferrer noopener\" href=\"https:\/\/www.youtube.com\/watch?v=FwcRDIZxpIw&amp;ab_channel=TerrasdeGaia\" target=\"_blank\"><strong>Tutorial Embrulho de Natal &#8211; Jornal Terras de Gaia<\/strong><\/a><\/p>\n\n\n\n<p>Nov. 2017 <strong><a href=\"https:\/\/www.rtp.pt\/play\/p3026\/e317931\/a-praca\/619265?fbclid=IwAR257GP3VjEZGndpLzOP-ABj0g4e_z4CKb_KQNLKxQePIS7RHvQimGaBZEk\" target=\"_blank\" rel=\"noreferrer noopener\">Entrevista \u2013 A Pra\u00e7a (RTP1)<\/a><\/strong><\/p>\n\n\n\n<p>Oct. 2017 <a href=\"https:\/\/www.facebook.com\/atelierkaraka\/photos\/pb.100063578237484.-2207520000.\/1965622387028378\/?type=3\" target=\"_blank\" rel=\"noreferrer noopener\"><strong>Entrevista \u2013 Revista Time Out Porto<\/strong><\/a><\/p>\n\n\n\n<p class=\"credits\">Para quest\u00f5es de imprensa, entre em contato atrav\u00e9s do email <strong><a href=\"mailto:hello@atelierkaraka.com\" target=\"_blank\" rel=\"noreferrer noopener\">hello@atelierkaraka.com<\/a><\/strong><\/p>\n\n\n\n<hr class=\"wp-block-separator has-alpha-channel-opacity\"\/>\n\n\n\n<h2 class=\"wp-block-heading\">Feiras e Exposi\u00e7\u00f5es<\/h2>\n\n\n\n<p>28 June 2024 <strong>Aro Studio opening<\/strong> <\/p>\n\n\n\n<p>1 July 2023 <strong>Nymph collection launch at Cru Cowork<\/strong><\/p>\n\n\n\n<p>Dez. 2022 <strong>Christmas Market at C.C.Bombarda<\/strong><\/p>\n\n\n\n<p>24 Sep. 2022 <strong>Reborn collection launch at Cru Cowork<\/strong><\/p>\n\n\n\n<p>Oct. 2021 <strong>58\u00aa Edi\u00e7\u00e3o da Modt\u00edssimo \u2013 Alf\u00e2ndega do Porto <\/strong><\/p>\n\n\n\n<p>Feb. 2022 <strong>59\u00aa Edi\u00e7\u00e3o da Modt\u00edssimo \u2013 Exponor <\/strong><\/p>\n\n\n\n<p>Dec. 2019 <strong>\u201cTemporada de Natal\u201d &#8211; Org. <a rel=\"noreferrer noopener\" href=\"https:\/\/mariamelia.com\/\" target=\"_blank\">Mariam\u00e9lia<\/a><\/strong><\/p>\n\n\n\n<p>21 \u2013 24 Nov. 2019 <strong>Concreta &#8211; Ponto Ora, Exponor<\/strong><\/p>\n\n\n\n<p>Apr. 2019 <strong>\u201cThe Creativity Virus\u201d &#8211; <a rel=\"noreferrer noopener\" href=\"https:\/\/www.mindshake.pt\/\" target=\"_blank\">Mindshake House<\/a>, Org. Katja Tschimmel and <a rel=\"noreferrer noopener\" href=\"http:\/\/www.fprovidencia.com\/\" target=\"_blank\">Provid\u00eancia Design<\/a><\/strong><\/p>\n\n\n\n<p>Dec. 2017 <strong>\u201cdesign+20 anos na ua\u201d &#8211; Reitoria da Universidade de Aveiro, Org. Mestrado em Design<\/strong><\/p>","protected":false},"excerpt":{"rendered":"<p>Karaka is a brand of textiles thought of and made with care for you and your home, exploring the concept of exclusivity and implementing sustainability practices.<\/p>","protected":false},"author":1,"featured_media":796,"parent":0,"menu_order":0,"comment_status":"closed","ping_status":"closed","template":"","meta":{"inline_featured_image":false},"_links":{"self":[{"href":"https:\/\/atelierkaraka.com\/pt\/wp-json\/wp\/v2\/pages\/81"}],"collection":[{"href":"https:\/\/atelierkaraka.com\/pt\/wp-json\/wp\/v2\/pages"}],"about":[{"href":"https:\/\/atelierkaraka.com\/pt\/wp-json\/wp\/v2\/types\/page"}],"author":[{"embeddable":true,"href":"https:\/\/atelierkaraka.com\/pt\/wp-json\/wp\/v2\/users\/1"}],"replies":[{"embeddable":true,"href":"https:\/\/atelierkaraka.com\/pt\/wp-json\/wp\/v2\/comments?post=81"}],"version-history":[{"count":23,"href":"https:\/\/atelierkaraka.com\/pt\/wp-json\/wp\/v2\/pages\/81\/revisions"}],"predecessor-version":[{"id":1182,"href":"https:\/\/atelierkaraka.com\/pt\/wp-json\/wp\/v2\/pages\/81\/revisions\/1182"}],"wp:featuredmedia":[{"embeddable":true,"href":"https:\/\/atelierkaraka.com\/pt\/wp-json\/wp\/v2\/media\/796"}],"wp:attachment":[{"href":"https:\/\/atelierkaraka.com\/pt\/wp-json\/wp\/v2\/media?parent=81"}],"curies":[{"name":"wp","href":"https:\/\/api.w.org\/{rel}","templated":true}]}}